{"id":75,"date":"2026-02-10T18:31:19","date_gmt":"2026-02-10T17:31:19","guid":{"rendered":"https:\/\/etudiant44.webuco.fr\/?page_id=75"},"modified":"2026-04-29T16:51:16","modified_gmt":"2026-04-29T14:51:16","slug":"a-propos","status":"publish","type":"page","link":"https:\/\/etudiant44.webuco.fr\/index.php\/a-propos\/","title":{"rendered":"\u00c0 propos"},"content":{"rendered":"\n<div class=\"wp-block-media-text is-stacked-on-mobile\" style=\"grid-template-columns:48% auto\"><figure class=\"wp-block-media-text__media\"><video controls src=\"https:\/\/etudiant44.webuco.fr\/wp-content\/uploads\/2026\/04\/videoExport-2026-04-17@13-44-13.845-540x540@60fps.mp4\"><\/video><\/figure><div class=\"wp-block-media-text__content\">\n<blockquote class=\"wp-block-quote is-layout-flow wp-block-quote-is-layout-flow\">\n<p><\/p>\n\n\n\n<p><\/p>\n\n\n\n<p><\/p>\n\n\n\n<p><\/p>\n\n\n\n<p><\/p>\n\n\n\n<p class=\"gb-text\">Avlon est une marque ind\u00e9pendante n\u00e9e d\u2019une envie de cr\u00e9ation, de libert\u00e9 et d\u2019expression, port\u00e9e par une volont\u00e9 de construire un univers coh\u00e9rent autour de la culture contemporaine. <\/p>\n\n\n\n<p>Elle s\u2019inscrit dans une d\u00e9marche o\u00f9 la mode devient un support d\u2019identit\u00e9, mais aussi un point de rencontre entre diff\u00e9rentes formes d\u2019art et d\u2019influences.<\/p>\n\n\n\n<p><br>\u00c0 travers la mode, la musique et divers projets culturels, Avlon explore un univers dans lequel chacun peut affirmer sa singularit\u00e9 et vivre des exp\u00e9riences authentiques. <\/p>\n\n\n\n<p><br><\/p>\n\n\n\n<p class=\"gb-text\"><\/p>\n<\/blockquote>\n\n\n\n<p><\/p>\n\n\n\n<p><\/p>\n<\/div><\/div>\n\n\n\n<div style=\"height:100px\" aria-hidden=\"true\" class=\"wp-block-spacer\"><\/div>\n\n\n\n<p><\/p>\n\n\n\n<blockquote class=\"wp-block-quote has-large-font-size is-layout-flow wp-block-quote-is-layout-flow\" style=\"font-style:italic;font-weight:100;text-decoration:underline\">\n<p class=\"has-text-align-center\">AVLON, IN THE EYES<\/p>\n<\/blockquote>\n\n\n\n<div style=\"height:100px\" aria-hidden=\"true\" class=\"wp-block-spacer\"><\/div>\n\n\n\n<div class=\"wp-block-columns is-layout-flex wp-container-core-columns-is-layout-9d6595d7 wp-block-columns-is-layout-flex\">\n<div class=\"wp-block-column is-layout-flow wp-block-column-is-layout-flow\">\n<p class=\"gb-text\">Pens\u00e9e comme un projet cr\u00e9atif global, la marque ne se limite pas au v\u00eatement : elle s\u2019inspire de la musique, de la culture urbaine, des voyages et des rencontres pour construire un v\u00e9ritable univers.<\/p>\n<\/div>\n\n\n\n<div class=\"wp-block-column is-layout-flow wp-block-column-is-layout-flow\">\n<p class=\"gb-text\"><strong>Avlon\u2019Fest<\/strong> s\u2019inscrit dans cette d\u00e9marche. Ce festival est imagin\u00e9 comme un moment de partage et de d\u00e9couverte, o\u00f9 se rencontrent artistes \u00e9mergents, DJ, passionn\u00e9s de musique et amoureux de l\u2019oc\u00e9an.<\/p>\n<\/div>\n<\/div>\n\n\n\n<p class=\"gb-text\">Entre concerts, DJ sets et ambiance estivale sur la plage, Avlon\u2019Fest incarne l\u2019esprit de la marque : cr\u00e9er des moments libres, inspirants et inoubliables.<\/p>\n\n\n\n<div class=\"wp-block-columns is-layout-flex wp-container-core-columns-is-layout-9d6595d7 wp-block-columns-is-layout-flex\">\n<div class=\"wp-block-column is-layout-flow wp-block-column-is-layout-flow\">\n<p class=\"gb-text\">Avlon\u2019Fest \u00e9volue dans un univers o\u00f9 la musique, la mode et la culture visuelle se rencontrent pour cr\u00e9er une exp\u00e9rience coh\u00e9rente et immersive.<\/p>\n<\/div>\n\n\n\n<div class=\"wp-block-column is-layout-flow wp-block-column-is-layout-flow\">\n<p class=\"gb-text\">Pens\u00e9 comme un espace ouvert, le festival rassemble des publics diff\u00e9rents autour d\u2019une m\u00eame \u00e9nergie et d\u2019une m\u00eame envie de d\u00e9couverte.<\/p>\n<\/div>\n<\/div>\n\n\n\n<div style=\"height:100px\" aria-hidden=\"true\" class=\"wp-block-spacer\"><\/div>\n\n\n\n<p><\/p>\n\n\n\n<div class=\"wp-block-buttons is-content-justification-center is-layout-flex wp-container-core-buttons-is-layout-16018d1d wp-block-buttons-is-layout-flex\">\n<div class=\"wp-block-button\"><a class=\"wp-block-button__link wp-element-button\" href=\"https:\/\/etudiant44.webuco.fr\/index.php\/les-projets-davlon\/\">Les projets d&rsquo;Avlon<\/a><\/div>\n\n\n\n<div class=\"wp-block-button\"><a class=\"wp-block-button__link wp-element-button\" href=\"https:\/\/etudiant44.webuco.fr\/index.php\/les-valeurs-davlon\/\">Les Valeurs d&rsquo;Avlon<\/a><\/div>\n\n\n\n<div class=\"wp-block-button\"><a class=\"wp-block-button__link wp-element-button\" href=\"https:\/\/etudiant44.webuco.fr\/index.php\/merch-exclusif\/\">Merch exclusif<\/a><\/div>\n\n\n\n<div class=\"wp-block-button\"><a class=\"wp-block-button__link wp-element-button\" href=\"https:\/\/etudiant44.webuco.fr\/index.php\/programmation\/\">Programmation <\/a><\/div>\n\n\n\n<div class=\"wp-block-button\"><a class=\"wp-block-button__link wp-element-button\" href=\"https:\/\/etudiant44.webuco.fr\/index.php\/artistes\/\">Artistes<\/a><\/div>\n\n\n\n<div class=\"wp-block-button\"><a class=\"wp-block-button__link wp-element-button\" href=\"https:\/\/etudiant44.webuco.fr\/index.php\/actualite\/\">Actualit\u00e9<\/a><\/div>\n\n\n\n<div class=\"wp-block-button\"><a class=\"wp-block-button__link wp-element-button\">Informations pratiques <\/a><\/div>\n\n\n\n<div class=\"wp-block-button\"><a class=\"wp-block-button__link wp-element-button\" href=\"https:\/\/etudiant44.webuco.fr\/wp-admin\/post.php?post=7&amp;action=edit\">Accueil <\/a><\/div>\n<\/div>\n","protected":false},"excerpt":{"rendered":"<p>AVLON, IN THE EYES Pens\u00e9e comme un projet cr\u00e9atif global, la marque ne se limite pas au v\u00eatement : elle s\u2019inspire de la musique, de la culture urbaine, des voyages et des rencontres pour construire un v\u00e9ritable univers. Avlon\u2019Fest s\u2019inscrit dans cette d\u00e9marche. Ce festival est imagin\u00e9 comme un moment de partage et de d\u00e9couverte, &#8230; <a title=\"\u00c0 propos\" class=\"read-more\" href=\"https:\/\/etudiant44.webuco.fr\/index.php\/a-propos\/\" aria-label=\"En savoir plus sur \u00c0 propos\">Lire la suite<\/a><\/p>\n","protected":false},"author":1,"featured_media":0,"parent":0,"menu_order":4,"comment_status":"closed","ping_status":"closed","template":"","meta":{"footnotes":""},"class_list":["post-75","page","type-page","status-publish"],"_links":{"self":[{"href":"https:\/\/etudiant44.webuco.fr\/index.php\/wp-json\/wp\/v2\/pages\/75","targetHints":{"allow":["GET"]}}],"collection":[{"href":"https:\/\/etudiant44.webuco.fr\/index.php\/wp-json\/wp\/v2\/pages"}],"about":[{"href":"https:\/\/etudiant44.webuco.fr\/index.php\/wp-json\/wp\/v2\/types\/page"}],"author":[{"embeddable":true,"href":"https:\/\/etudiant44.webuco.fr\/index.php\/wp-json\/wp\/v2\/users\/1"}],"replies":[{"embeddable":true,"href":"https:\/\/etudiant44.webuco.fr\/index.php\/wp-json\/wp\/v2\/comments?post=75"}],"version-history":[{"count":21,"href":"https:\/\/etudiant44.webuco.fr\/index.php\/wp-json\/wp\/v2\/pages\/75\/revisions"}],"predecessor-version":[{"id":463,"href":"https:\/\/etudiant44.webuco.fr\/index.php\/wp-json\/wp\/v2\/pages\/75\/revisions\/463"}],"wp:attachment":[{"href":"https:\/\/etudiant44.webuco.fr\/index.php\/wp-json\/wp\/v2\/media?parent=75"}],"curies":[{"name":"wp","href":"https:\/\/api.w.org\/{rel}","templated":true}]}}